{"id":161,"date":"2017-07-18T11:49:57","date_gmt":"2017-07-18T14:49:57","guid":{"rendered":"http:\/\/127.0.0.1\/UFPA\/?page_id=161"},"modified":"2026-03-17T12:25:07","modified_gmt":"2026-03-17T15:25:07","slug":"pedagogia","status":"publish","type":"page","link":"https:\/\/campuscastanhal.ufpa.br\/?page_id=161","title":{"rendered":"Faculdade de Pedagogia"},"content":{"rendered":"<ul class=\"nav2 nav-tabs nav-justified\" style=\"margin-left: 0px !important;\">\n<li class=\"active\" role=\"presentation\"><a>Hist\u00f3rico<\/a><\/li>\n<li role=\"presentation\"><a>Caracter\u00edsticas<\/a><\/li>\n<li role=\"presentation\"><a>Dire\u00e7\u00e3o<\/a><\/li>\n<li role=\"presentation\"><a>Docentes e T\u00e9cnicos<\/a><\/li>\n<li role=\"presentation\"><a>Infraestrutura<\/a><\/li>\n<\/ul>\n<p><!-- AQUI VAI O HIST\u00d3RICO --><\/p>\n<div class=\"A\" style=\"text-align: justify;\"><strong>Hist\u00f3rico:<\/strong><br \/>\nO Curso de Licenciatura Plena em Pedagogia do Campus Universit\u00e1rio de Castanhal, regulamentado pela Resolu\u00e7\u00e3o N\u00ba 2.669\/99, pauta-se na indissociabilidade entre ensino, pesquisa e extens\u00e3o, assim como, no compromisso com o desenvolvimento regional do nordeste paraense.<\/p>\n<p>Para consultar a resolu\u00e7\u00e3o do Projeto Pedag\u00f3gico do Curso de Pedagogia aprovado em 2024, clique <strong><a href=\"https:\/\/campuscastanhal.ufpa.br\/wp-content\/uploads\/2026\/pdf\/RESOLUCAO_PPC_Pedagogia_Castanhal.pdf\" target=\"_blank\" rel=\"noopener\">aqui<\/a><\/strong>.<br \/>\nPara consultar o Projeto Pedag\u00f3gico do Curso de Pedagogia, clique <strong><a href=\"https:\/\/campuscastanhal.ufpa.br\/wp-content\/uploads\/2026\/pdf\/PPC_2024_Pedagogia_Castanhal.pdf\" target=\"_blank\" rel=\"noopener\">aqui.<\/a><\/strong><\/div>\n<div class=\"B\">\n<p style=\"text-align: justify;\"><strong>Objetivo do Curso:<\/strong><\/p>\n<p style=\"text-align: justify;\">Visa \u00e0 forma\u00e7\u00e3o de profissionais da educa\u00e7\u00e3o, subsidiadas em pressupostos te\u00f3ricos e pr\u00e1ticos que os possibilitem compreender a complexidade da pr\u00e1tica educativa desenvolvida em diversos espa\u00e7os, vinculando a realidade social e escolar \u00e0 estrutura curricular da gradua\u00e7\u00e3o.<\/p>\n<p><strong>Caracter\u00edsticas gerais do curso:<\/strong><\/p>\n<p>\u2022 Nome do Curso: Licenciatura em Pedagogia<br \/>\n\u2022 Forma de Ingresso: Processo Seletivo Anual<br \/>\n\u2022 N\u00famero de Vagas: 80 vagas<br \/>\n\u2022 Turno de Funcionamento: Manh\u00e3\/Tarde\/Noite<br \/>\n\u2022 Modalidade de Oferta: Presencial<br \/>\n\u2022 T\u00edtulo Conferido: Pedagogo<br \/>\n\u2022 Dura\u00e7\u00e3o do Curso: 4,5 anos<br \/>\n\u2022 Carga Hor\u00e1ria: 3.330 (Tr\u00eas mil trezentos e trinta horas)<br \/>\n\u2022 Per\u00edodo Letivo: Intensivo e Extensivo<br \/>\n\u2022 Regime Acad\u00eamico: Seriado<br \/>\n\u2022 Formas de oferta de atividades: Modular e Paralela<br \/>\n\u2022 Atos Normativos do Curso: Decreto de reconhecimento do curso: n\u00ba 35.456 de<br \/>\n04\/05\/1954; Resolu\u00e7\u00e3o do PPC anterior: 2669\/99; Resolu\u00e7\u00e3o CNE\/CP n\u00ba 1 de<br \/>\n15\/5\/2006.<br \/>\n\u2022 Avalia\u00e7\u00f5es Externas: ENADE\/PROEG<\/p>\n<p><strong>Perfil do profissional egresso<\/strong><\/p>\n<p style=\"text-align: justify;\">Um profissional com habilidades e compet\u00eancias para exercer a doc\u00eancia na educa\u00e7\u00e3o infantil, ensino fundamental (s\u00e9ries iniciais), ensino m\u00e9dio e atividades de coordena\u00e7\u00e3o e gest\u00e3o em ambientes escolares e n\u00e3o escolares, entendendo-se como gest\u00e3o em coordena\u00e7\u00e3o pedag\u00f3gica as atividades inerentes \u00e0 orienta\u00e7\u00e3o educacional, \u00e0 supervis\u00e3o e \u00e0 administra\u00e7\u00e3o escolar.<\/p>\n<\/div>\n<div class=\"C\"><strong>Coordena\u00e7\u00e3o da Faculdade<\/strong><br \/>\nDiretor: Prof. Dr. T\u00falio Augusto Pinho de Vasconcelos Chaves<\/div>\n<div class=\"C\"><span style=\"font-weight: 400;\"><strong>E-mail<\/strong>: tuliochaves@ufpa.br<\/span><\/div>\n<div><\/div>\n<div><\/div>\n<div class=\"C\">Vice-Diretor: Prof. Dr. Carlos Renilton Freitas Cruz<\/div>\n<div class=\"C\"><span style=\"font-weight: 400;\"><strong>E-mail<\/strong>: renilton@ufpa.br <\/span><br \/>\n<strong>Contato<\/strong><br \/>\nSecretaria: (91) 3311-4613 \/ pedcuncast@gmail.com<\/div>\n<div class=\"D\">\n\n<table id=\"tablepress-6\" class=\"tablepress tablepress-id-6\">\n<thead>\n<tr class=\"row-1 odd\">\n\t<th class=\"column-1\">Docentes                        <\/th><th class=\"column-2\">Titula\u00e7\u00e3o<\/th><th class=\"column-3\">Fun\u00e7\u00e3o<\/th><th class=\"column-4\">Vinculo<\/th><th class=\"column-5\">CH\/Dedica\u00e7\u00e3o Exclusiva<\/th><th class=\"column-6\">Lattes<\/th>\n<\/tr>\n<\/thead>\n<tbody class=\"row-hover\">\n<tr class=\"row-2 even\">\n\t<td class=\"column-1\">Adriano Sales dos Santos Silva<\/td><td class=\"column-2\">Mestre<\/td><td class=\"column-3\">Professor<\/td><td class=\"column-4\">Efetivo<\/td><td class=\"column-5\">40H - Dedica\u00e7\u00e3o Exclusiva<\/td><td class=\"column-6\"><a href=\"http:\/\/lattes.cnpq.br\/8379916014549431\" target=\"_blank\">Lattes<\/a><\/td>\n<\/tr>\n<tr class=\"row-3 odd\">\n\t<td class=\"column-1\">Assun\u00e7\u00e3o Jos\u00e9 Pureza Amaral<\/td><td class=\"column-2\">Doutor <\/td><td class=\"column-3\">Professor<\/td><td class=\"column-4\">Efetivo<\/td><td class=\"column-5\">40H - Dedica\u00e7\u00e3o Exclusiva<\/td><td class=\"column-6\"><a href=\"http:\/\/lattes.cnpq.br\/2950887958552733\" target=\"_blank\">Lattes<\/a><\/td>\n<\/tr>\n<tr class=\"row-4 even\">\n\t<td class=\"column-1\">Carlos Jos\u00e9 Trindade<\/td><td class=\"column-2\">Doutor<\/td><td class=\"column-3\">Professor<\/td><td class=\"column-4\">Substituto<\/td><td class=\"column-5\">40H<\/td><td class=\"column-6\"><a href=\"\" target=\"_blank\">Lattes<\/a><\/td>\n<\/tr>\n<tr class=\"row-5 odd\">\n\t<td class=\"column-1\">Carlos Renilton Freitas Cruz<\/td><td class=\"column-2\">Doutor <\/td><td class=\"column-3\">Professor<\/td><td class=\"column-4\">Efetivo<\/td><td class=\"column-5\">40H - Dedica\u00e7\u00e3o Exclusiva<\/td><td class=\"column-6\"><a href=\"http:\/\/lattes.cnpq.br\/7656601356595473\" target=\"_blank\">Lattes<\/a><\/td>\n<\/tr>\n<tr class=\"row-6 even\">\n\t<td class=\"column-1\">D\u00e9bora Alfaia da Cunha<\/td><td class=\"column-2\">Doutora<\/td><td class=\"column-3\">Professora<\/td><td class=\"column-4\">Efetiva<\/td><td class=\"column-5\">40H - Dedica\u00e7\u00e3o Exclusiva<\/td><td class=\"column-6\"><a href=\"http:\/\/lattes.cnpq.br\/5185243715966314\" target=\"_blank\">Lattes<\/a><\/td>\n<\/tr>\n<tr class=\"row-7 odd\">\n\t<td class=\"column-1\">Diego Athayde Brilhante<\/td><td class=\"column-2\">Mestre<\/td><td class=\"column-3\">Professor<\/td><td class=\"column-4\">Substituto<\/td><td class=\"column-5\">40H<\/td><td class=\"column-6\"><a href=\"\" target=\"_blank\">Lattes<\/a><\/td>\n<\/tr>\n<tr class=\"row-8 even\">\n\t<td class=\"column-1\">Eula Regina Lima Nascimento<\/td><td class=\"column-2\">Doutora <\/td><td class=\"column-3\">Professora<\/td><td class=\"column-4\">Efetiva<\/td><td class=\"column-5\">40H - Dedica\u00e7\u00e3o Exclusiva<\/td><td class=\"column-6\"><a href=\"http:\/\/lattes.cnpq.br\/0460051621828656\" target=\"_blank\">Lattes<\/a><\/td>\n<\/tr>\n<tr class=\"row-9 odd\">\n\t<td class=\"column-1\">Francisco Valdinei dos Santos Anjos<\/td><td class=\"column-2\">Doutor<\/td><td class=\"column-3\">Professor<\/td><td class=\"column-4\">Efetivo<\/td><td class=\"column-5\">40H - Dedica\u00e7\u00e3o Exclusiva<\/td><td class=\"column-6\"><a href=\"http:\/\/lattes.cnpq.br\/5035093639365870\" target=\"_blank\">Lattes<\/a><\/td>\n<\/tr>\n<tr class=\"row-10 even\">\n\t<td class=\"column-1\">Geise do Socorro Lima Gomes<\/td><td class=\"column-2\">Doutora<\/td><td class=\"column-3\">Professora<\/td><td class=\"column-4\">Efetiva<\/td><td class=\"column-5\">40H - Dedica\u00e7\u00e3o Exclusiva<\/td><td class=\"column-6\"><a href=\"http:\/\/lattes.cnpq.br\/1752787535007263\" target=\"_blank\">Lattes<\/a><\/td>\n<\/tr>\n<tr class=\"row-11 odd\">\n\t<td class=\"column-1\">Gyanne do Socorro P. Lima<\/td><td class=\"column-2\">Mestre<\/td><td class=\"column-3\">Professora<\/td><td class=\"column-4\">Efetiva<\/td><td class=\"column-5\">40H - Dedica\u00e7\u00e3o Exclusiva<\/td><td class=\"column-6\"><a href=\"http:\/\/lattes.cnpq.br\/0068184810994880\" target=\"_blank\">Lattes<\/a><\/td>\n<\/tr>\n<tr class=\"row-12 even\">\n\t<td class=\"column-1\">Ivana de Oliveira Gomes e Silva<\/td><td class=\"column-2\">Doutora<\/td><td class=\"column-3\">Professora<\/td><td class=\"column-4\">Efetiva<\/td><td class=\"column-5\">40H - Dedica\u00e7\u00e3o Exclusiva<\/td><td class=\"column-6\"><a href=\"http:\/\/lattes.cnpq.br\/3583569831062339\" target=\"_blank\">Lattes<\/a><\/td>\n<\/tr>\n<tr class=\"row-13 odd\">\n\t<td class=\"column-1\">Jo\u00e3o Batista Santiago Ramos<\/td><td class=\"column-2\">Doutor <\/td><td class=\"column-3\">Professor<\/td><td class=\"column-4\">Efetivo<\/td><td class=\"column-5\">40H - Dedica\u00e7\u00e3o Exclusiva<\/td><td class=\"column-6\"><a href=\"http:\/\/lattes.cnpq.br\/8078757512392983\" target=\"_blank\">Lattes<\/a><\/td>\n<\/tr>\n<tr class=\"row-14 even\">\n\t<td class=\"column-1\">Jo\u00e3o Manoel da Silva Malheiro<\/td><td class=\"column-2\">Doutor <\/td><td class=\"column-3\">Professor<\/td><td class=\"column-4\">Efetivo<\/td><td class=\"column-5\">40H - Dedica\u00e7\u00e3o Exclusiva<\/td><td class=\"column-6\"><a href=\"http:\/\/lattes.cnpq.br\/7502225344402729\" target=\"_blank\">Lattes<\/a><\/td>\n<\/tr>\n<tr class=\"row-15 odd\">\n\t<td class=\"column-1\">Jorge Lima<\/td><td class=\"column-2\">Mestre<\/td><td class=\"column-3\">Professor<\/td><td class=\"column-4\">Substituto<\/td><td class=\"column-5\">40H<\/td><td class=\"column-6\"><a href=\"\" target=\"_blank\">Lattes<\/a><\/td>\n<\/tr>\n<tr class=\"row-16 even\">\n\t<td class=\"column-1\">Jones Sousa Moraes<\/td><td class=\"column-2\">Mestre<\/td><td class=\"column-3\">Professor<\/td><td class=\"column-4\">Substituto<\/td><td class=\"column-5\">40H<\/td><td class=\"column-6\"><a href=\"\" target=\"_blank\">Lattes<\/a><\/td>\n<\/tr>\n<tr class=\"row-17 odd\">\n\t<td class=\"column-1\">Jos\u00e9 Nazareno Abra\u00e7ado Henriques<\/td><td class=\"column-2\">Doutor<\/td><td class=\"column-3\">Professor<\/td><td class=\"column-4\">Efetivo<\/td><td class=\"column-5\">40H - Dedica\u00e7\u00e3o Exclusiva<\/td><td class=\"column-6\"><a href=\"\" target=\"_blank\">Lattes<\/a><\/td>\n<\/tr>\n<tr class=\"row-18 even\">\n\t<td class=\"column-1\">Luizete Cordovil Ferreira da Silva<\/td><td class=\"column-2\">Mestre <\/td><td class=\"column-3\">Professora<\/td><td class=\"column-4\">Efetiva<\/td><td class=\"column-5\">40H - Dedica\u00e7\u00e3o Exclusiva<\/td><td class=\"column-6\"><a href=\"http:\/\/lattes.cnpq.br\/4723994880864574\" target=\"_blank\">Lattes<\/a><\/td>\n<\/tr>\n<tr class=\"row-19 odd\">\n\t<td class=\"column-1\">Madison Rocha Ribeiro<\/td><td class=\"column-2\">Doutor<\/td><td class=\"column-3\">Professor<\/td><td class=\"column-4\">Efetivo<\/td><td class=\"column-5\">40H - Dedica\u00e7\u00e3o Exclusiva<\/td><td class=\"column-6\"><a href=\"http:\/\/lattes.cnpq.br\/8046770697856492\" target=\"_blank\">Lattes<\/a><\/td>\n<\/tr>\n<tr class=\"row-20 even\">\n\t<td class=\"column-1\">Milene Vasconcelos Leal<\/td><td class=\"column-2\">Mestre<\/td><td class=\"column-3\">Professora<\/td><td class=\"column-4\">Substituta<\/td><td class=\"column-5\">40H<\/td><td class=\"column-6\"><a href=\"http:\/\/lattes.cnpq.br\/5815975948335387\" target=\"_blank\">Lattes<\/a><\/td>\n<\/tr>\n<tr class=\"row-21 odd\">\n\t<td class=\"column-1\">Paulo Lucas da Silva<\/td><td class=\"column-2\">Doutor<\/td><td class=\"column-3\">Professor<\/td><td class=\"column-4\">Efetivo<\/td><td class=\"column-5\">40H - Dedica\u00e7\u00e3o Exclusiva<\/td><td class=\"column-6\"><a href=\"http:\/\/lattes.cnpq.br\/9416262645462548\" target=\"_blank\">Lattes<\/a><\/td>\n<\/tr>\n<tr class=\"row-22 even\">\n\t<td class=\"column-1\">Raphaella Duarte Cavalcante Lopes<\/td><td class=\"column-2\">Mestre<\/td><td class=\"column-3\">Professora<\/td><td class=\"column-4\">Efetiva<\/td><td class=\"column-5\">40H - Dedica\u00e7\u00e3o Exclusiva<\/td><td class=\"column-6\"><a href=\"http:\/\/lattes.cnpq.br\/7850745742319008\" target=\"_blank\">Lattes<\/a><\/td>\n<\/tr>\n<tr class=\"row-23 odd\">\n\t<td class=\"column-1\">Raquel Amorim dos Santos<\/td><td class=\"column-2\">Doutora<\/td><td class=\"column-3\">Professora<\/td><td class=\"column-4\">Efetiva<\/td><td class=\"column-5\">40H - Dedica\u00e7\u00e3o Exclusiva<\/td><td class=\"column-6\"><a href=\"http:\/\/lattes.cnpq.br\/3387666784015912\" target=\"_blank\">Lattes<\/a><\/td>\n<\/tr>\n<tr class=\"row-24 even\">\n\t<td class=\"column-1\">Rosivaldo Silva Amorin<\/td><td class=\"column-2\">Mestre <\/td><td class=\"column-3\">Professor<\/td><td class=\"column-4\">Efetivo<\/td><td class=\"column-5\">40H - Dedica\u00e7\u00e3o Exclusiva<\/td><td class=\"column-6\"><a href=\"http:\/\/lattes.cnpq.br\/2693691957370438\" target=\"_blank\">Lattes<\/a><\/td>\n<\/tr>\n<tr class=\"row-25 odd\">\n\t<td class=\"column-1\">Rubens Alexandre de Oliveira Faro<\/td><td class=\"column-2\">Mestre <\/td><td class=\"column-3\">Professor<\/td><td class=\"column-4\">Efetivo<\/td><td class=\"column-5\">40H - Dedica\u00e7\u00e3o Exclusiva<\/td><td class=\"column-6\"><a href=\"http:\/\/lattes.cnpq.br\/1447087682728044\" target=\"_blank\">Lattes<\/a><\/td>\n<\/tr>\n<tr class=\"row-26 even\">\n\t<td class=\"column-1\">T\u00falio Augusto Pinho de V. Chaves<\/td><td class=\"column-2\">Doutor<\/td><td class=\"column-3\">Professor<\/td><td class=\"column-4\">Efetivo<\/td><td class=\"column-5\">40H - Dedica\u00e7\u00e3o Exclusiva<\/td><td class=\"column-6\"><a href=\"http:\/\/lattes.cnpq.br\/0678870505162412\" target=\"_blank\">Lattes<\/a><\/td>\n<\/tr>\n<tr class=\"row-27 odd\">\n\t<td class=\"column-1\">T\u00e9cnicos<\/td><td class=\"column-2\"><\/td><td class=\"column-3\"><\/td><td class=\"column-4\"><\/td><td class=\"column-5\"><\/td><td class=\"column-6\"><\/td>\n<\/tr>\n<tr class=\"row-28 even\">\n\t<td class=\"column-1\">M\u00aa Suellen S\u00e1 Ribeiro<\/td><td class=\"column-2\">Mestre<\/td><td class=\"column-3\">Secret\u00e1ria<\/td><td class=\"column-4\">Cedida<\/td><td class=\"column-5\">40H - Dedica\u00e7\u00e3o Exclusiva<\/td><td class=\"column-6\"><a href=\"http:\/\/lattes.cnpq.br\/5254545968294916\" target=\"_blank\">Lattes<\/a><\/td>\n<\/tr>\n<tr class=\"row-29 odd\">\n\t<td class=\"column-1\">Washington Luis Silva<\/td><td class=\"column-2\">Graduado<\/td><td class=\"column-3\">Secret\u00e1rio<\/td><td class=\"column-4\">Efetivo<\/td><td class=\"column-5\">40H - Dedica\u00e7\u00e3o Exclusiva<\/td><td class=\"column-6\"><\/td>\n<\/tr>\n<\/tbody>\n<\/table>\n<!-- #tablepress-6 from cache -->\n<\/div>\n<div class=\"E\" style=\"text-align: justify;\"><strong>Infraestrutura<\/strong><br \/>\nO curso de Pedagogia funciona no espa\u00e7o f\u00edsico do Campus Universit\u00e1rio de Castanhal e conta com:<\/div>\n<div><\/div>\n<div><\/div>\n<div class=\"E\" style=\"text-align: justify;\">&#8211; <strong>Salas de aula<\/strong>: o Campus disponibiliza 02 (duas) salas de aula por turno no per\u00edodo extensivo e 02 no per\u00edodo intensivo para o funcionamento do curso. As salas de aula s\u00e3o bem claras, possuem ar condicionado e quadro magn\u00e9tico.<\/div>\n<div><\/div>\n<div class=\"E\" style=\"text-align: justify;\">\n<p>&#8211; <strong>Laborat\u00f3rio de inform\u00e1tica<\/strong>: o Campus disponibiliza 01 (um) laborat\u00f3rio de inform\u00e1tica com 20 (vinte) computadores para as atividades de pesquisa e impress\u00e3o de trabalhos acad\u00eamicos, n\u00e3o atendendo assim as expectativas acad\u00eamicas da Faculdade, haja vista que o referido laborat\u00f3rio \u00e9 utilizado por todos os outros cursos do Campus de Castanhal. Entretanto, cabe informar que est\u00e1 sendo constru\u00eddo mais um laborat\u00f3rio de uso geral no espa\u00e7o do Campus de castanhal;<\/p>\n<p>&#8211; <strong>Audit\u00f3rio<\/strong>: 01 (um) audit\u00f3rio com 200 (duzentos) lugares, onde s\u00e3o realizadas as atividades como encontros, palestras, Workshop, semin\u00e1rios, dentre outros;<\/p>\n<p>&#8211; <strong>Biblioteca<\/strong>: 01 (uma) biblioteca com um acervo expressivo de obras referentes ao curso de Pedagogia, sendo 1507 t\u00edtulos da \u00e1rea, totalizando 3.752 exemplares, al\u00e9m de obras de t\u00edtulos afins;<\/p>\n<p style=\"text-align: justify;\">&#8211; <strong>Secretaria Acad\u00eamica e Administrativa<\/strong>: o Campus disponibiliza 01 (uma)\u00a0sala para funcionamento da secret\u00e1ria acad\u00eamica e administrativa da Faculdade de Pedagogia, com linha telef\u00f4nica, 3 computadores, 2 arm\u00e1rios, 3 mesas, balc\u00f5es e material de expediente.<\/p>\n<p style=\"text-align: justify;\">&#8211; <strong>Espa\u00e7o para reuni\u00e3o de grupo de estudo\/projeto de pesquisa, ensino e extens\u00e3o<\/strong>: A Faculdade de Pedagogia n\u00e3o disp\u00f5e de espa\u00e7o f\u00edsico espec\u00edfico ao desenvolvimento de reuni\u00f5es ou momento de estudo das equipes t\u00e9cnicas dos projetos de ensino, pesquisa e extens\u00e3o. O Pr\u00e9dio de Atividades Multidisciplinares, o Pr\u00e9dio do Programa de Extens\u00e3o Grupo de Estudo Educa\u00e7\u00e3o na Terceira Idade \u2013 GETI e uma sala no Pr\u00e9dio de Acesso \u00e0 Informa\u00e7\u00e3o abrigam algumas das a\u00e7\u00f5es de projetos da Faculdade.<\/p>\n<\/div>\n","protected":false},"excerpt":{"rendered":"<p>Hist\u00f3rico Caracter\u00edsticas Dire\u00e7\u00e3o Docentes e T\u00e9cnicos Infraestrutura Hist\u00f3rico: O Curso de Licenciatura Plena em Pedagogia do Campus Universit\u00e1rio de Castanhal, regulamentado pela Resolu\u00e7\u00e3o N\u00ba 2.669\/99, pauta-se na indissociabilidade entre ensino, pesquisa e extens\u00e3o, assim como, no compromisso com o desenvolvimento regional do nordeste paraense. Para consultar a resolu\u00e7\u00e3o do Projeto Pedag\u00f3gico do Curso de Pedagogia &hellip; <a href=\"https:\/\/campuscastanhal.ufpa.br\/?page_id=161\">Continue reading <span class=\"meta-nav\">&rarr;<\/span><\/a><\/p>\n","protected":false},"author":2,"featured_media":0,"parent":0,"menu_order":0,"comment_status":"closed","ping_status":"closed","template":"","meta":{"_exactmetrics_skip_tracking":false,"_exactmetrics_sitenote_active":false,"_exactmetrics_sitenote_note":"","_exactmetrics_sitenote_category":0},"_links":{"self":[{"href":"https:\/\/campuscastanhal.ufpa.br\/index.php?rest_route=\/wp\/v2\/pages\/161"}],"collection":[{"href":"https:\/\/campuscastanhal.ufpa.br\/index.php?rest_route=\/wp\/v2\/pages"}],"about":[{"href":"https:\/\/campuscastanhal.ufpa.br\/index.php?rest_route=\/wp\/v2\/types\/page"}],"author":[{"embeddable":true,"href":"https:\/\/campuscastanhal.ufpa.br\/index.php?rest_route=\/wp\/v2\/users\/2"}],"replies":[{"embeddable":true,"href":"https:\/\/campuscastanhal.ufpa.br\/index.php?rest_route=%2Fwp%2Fv2%2Fcomments&post=161"}],"version-history":[{"count":36,"href":"https:\/\/campuscastanhal.ufpa.br\/index.php?rest_route=\/wp\/v2\/pages\/161\/revisions"}],"predecessor-version":[{"id":7483,"href":"https:\/\/campuscastanhal.ufpa.br\/index.php?rest_route=\/wp\/v2\/pages\/161\/revisions\/7483"}],"wp:attachment":[{"href":"https:\/\/campuscastanhal.ufpa.br\/index.php?rest_route=%2Fwp%2Fv2%2Fmedia&parent=161"}],"curies":[{"name":"wp","href":"https:\/\/api.w.org\/{rel}","templated":true}]}}